{"id":6417,"date":"2025-04-04T11:51:14","date_gmt":"2025-04-04T11:51:14","guid":{"rendered":"https:\/\/www.torresdeselma.com\/?post_type=tribe_events&#038;p=6417"},"modified":"2025-04-04T13:23:15","modified_gmt":"2025-04-04T13:23:15","slug":"retreat-magdala-es","status":"publish","type":"tribe_events","link":"https:\/\/www.torresdeselma.com\/?tribe_events=retreat-magdala-es","title":{"rendered":"Retreat Conecta con la Esencia"},"content":{"rendered":"<h3 style=\"text-align: center;\">\ud83c\udf3f **Conecta con la Esencia** \ud83c\udf3f<\/h3>\n<p><img loading=\"lazy\" decoding=\"async\" class=\" wp-image-6418 alignleft\" src=\"https:\/\/www.torresdeselma.com\/wp-content\/uploads\/2025\/04\/Screenshot-2025-04-04-at-11.59.27-202x300.png\" alt=\"\" width=\"226\" height=\"336\" srcset=\"https:\/\/www.torresdeselma.com\/wp-content\/uploads\/2025\/04\/Screenshot-2025-04-04-at-11.59.27-202x300.png 202w, https:\/\/www.torresdeselma.com\/wp-content\/uploads\/2025\/04\/Screenshot-2025-04-04-at-11.59.27-691x1024.png 691w, https:\/\/www.torresdeselma.com\/wp-content\/uploads\/2025\/04\/Screenshot-2025-04-04-at-11.59.27-440x652.png 440w, https:\/\/www.torresdeselma.com\/wp-content\/uploads\/2025\/04\/Screenshot-2025-04-04-at-11.59.27.png 760w\" sizes=\"auto, (max-width: 226px) 100vw, 226px\" \/>Un retiro exclusivo con <strong>@magdaladharma<\/strong><\/p>\n<p style=\"text-align: left;\">\ud83d\uddd3 *Del 1 al 3 de agosto 2025*<br \/>\n**Solo 10 plazas disponibles** \u2013 \u00a1Plazas limitadas!<\/p>\n<p style=\"text-align: left;\"><em>Este retiro de verano est\u00e1 dise\u00f1ado para una profunda sanaci\u00f3n y reconexi\u00f3n con uno mismo.<\/em><\/p>\n<p style=\"text-align: left;\"><em>A trav\u00e9s de pr\u00e1cticas transformadoras como ejercicios som\u00e1ticos,<\/em><\/p>\n<p style=\"text-align: left;\"><em>din\u00e1micas sist\u00e9micas, constelaciones,<\/em><\/p>\n<p style=\"text-align: left;\"><em>Yin Yoga y meditaci\u00f3n, te acompa\u00f1aremos en un viaje de bienestar integral.<\/em><\/p>\n<p>&nbsp;<\/p>\n<p style=\"text-align: left;\"><strong>Programa<\/strong><br \/>\n**1 de agosto**: Llegada al retiro, meditaci\u00f3n guiada y trabajo som\u00e1tico para liberar memorias de trauma.<br \/>\n**2 de agosto**: Yin Yoga, constelaciones familiares, y una clase de Swing\/Jazz.<br \/>\n**3 de agosto**: Meditaci\u00f3n al aire libre, sesi\u00f3n de cierre y seguimiento personalizado.<\/p>\n<p style=\"text-align: left;\">\ud83d\udde3 *El retiro ser\u00e1 en espa\u00f1ol, con traducci\u00f3n al ingl\u00e9s disponible si es necesario.*<\/p>\n<p style=\"text-align: left;\">\u2728 **Reserva tu plaza ahora** \u2013 Las plazas son limitadas.<br \/>\n\ud83d\udc8c Para m\u00e1s informaci\u00f3n, cont\u00e1ctanos por mensaje privado.<\/p>\n<p style=\"text-align: left;\">#ConectaConLaEsencia #RetiroDeVerano #Sanaci\u00f3nDeTrauma #YinYoga #Meditaci\u00f3n #Constelaciones #BienestarIntegral #CrecimientoPersonal<\/p>\n","protected":false},"excerpt":{"rendered":"<p>\ud83c\udf3f **Conecta con la Esencia** \ud83c\udf3f Un retiro exclusivo con @magdaladharma \ud83d\uddd3 *Del 1 al 3 de agosto 2025* **Solo 10 plazas disponibles** \u2013 \u00a1Plazas limitadas! Este retiro de verano est\u00e1 dise\u00f1ado para una profunda sanaci\u00f3n y reconexi\u00f3n con uno [&hellip;]<\/p>\n","protected":false},"author":2,"featured_media":0,"comment_status":"open","ping_status":"closed","template":"","meta":{"_tribe_events_status":"","_tribe_events_status_reason":"","_tribe_events_is_hybrid":"","_tribe_events_is_virtual":"","_tribe_events_virtual_video_source":"","_tribe_events_virtual_embed_video":"","_tribe_events_virtual_linked_button_text":"","_tribe_events_virtual_linked_button":"","_tribe_events_virtual_show_embed_at":"","_tribe_events_virtual_show_embed_to":[],"_tribe_events_virtual_show_on_event":"","_tribe_events_virtual_show_on_views":"","_tribe_events_virtual_url":"","footnotes":""},"tags":[],"tribe_events_cat":[],"class_list":["post-6417","tribe_events","type-tribe_events","status-publish","hentry"],"_links":{"self":[{"href":"https:\/\/www.torresdeselma.com\/index.php?rest_route=\/wp\/v2\/tribe_events\/6417","targetHints":{"allow":["GET"]}}],"collection":[{"href":"https:\/\/www.torresdeselma.com\/index.php?rest_route=\/wp\/v2\/tribe_events"}],"about":[{"href":"https:\/\/www.torresdeselma.com\/index.php?rest_route=\/wp\/v2\/types\/tribe_events"}],"author":[{"embeddable":true,"href":"https:\/\/www.torresdeselma.com\/index.php?rest_route=\/wp\/v2\/users\/2"}],"replies":[{"embeddable":true,"href":"https:\/\/www.torresdeselma.com\/index.php?rest_route=%2Fwp%2Fv2%2Fcomments&post=6417"}],"version-history":[{"count":10,"href":"https:\/\/www.torresdeselma.com\/index.php?rest_route=\/wp\/v2\/tribe_events\/6417\/revisions"}],"predecessor-version":[{"id":6429,"href":"https:\/\/www.torresdeselma.com\/index.php?rest_route=\/wp\/v2\/tribe_events\/6417\/revisions\/6429"}],"wp:attachment":[{"href":"https:\/\/www.torresdeselma.com\/index.php?rest_route=%2Fwp%2Fv2%2Fmedia&parent=6417"}],"wp:term":[{"taxonomy":"post_tag","embeddable":true,"href":"https:\/\/www.torresdeselma.com\/index.php?rest_route=%2Fwp%2Fv2%2Ftags&post=6417"},{"taxonomy":"tribe_events_cat","embeddable":true,"href":"https:\/\/www.torresdeselma.com\/index.php?rest_route=%2Fwp%2Fv2%2Ftribe_events_cat&post=6417"}],"curies":[{"name":"wp","href":"https:\/\/api.w.org\/{rel}","templated":true}]}}